{"id":2639,"date":"2026-03-12T17:14:11","date_gmt":"2026-03-12T17:14:11","guid":{"rendered":"https:\/\/herboristeriamerce.com\/?post_type=product&#038;p=2639"},"modified":"2026-03-12T17:14:11","modified_gmt":"2026-03-12T17:14:11","slug":"pa-de-fajol-pa-artesa-natural-amb-masa-mare","status":"publish","type":"product","link":"https:\/\/herboristeriamerce.com\/es\/herboristeria-online\/alimentacio-saludable\/pa\/pa-de-fajol-pa-artesa-natural-amb-masa-mare\/","title":{"rendered":"Pa de Fajol"},"content":{"rendered":"<p data-path-to-node=\"0\">\n<h2 data-path-to-node=\"2\">Pa d&#8217;Espelta Negra i Sarrac\u00e8: El Tresor de la Dieta Ancestral<\/h2>\n<p data-path-to-node=\"3\">En el m\u00f3n de la fleca contempor\u00e0nia, sovint s&#8217;oblida que el secret del bon pa resideix en l&#8217;origen de la llavor i el respecte pel temps. El nostre pa artes\u00e0 natural amb masa mare no \u00e9s nom\u00e9s un aliment, sin\u00f3 un viatge a la prehist\u00f2ria de la nutrici\u00f3. Elaborat amb una varietat seleccionada de Masa Mare Natural d&#8217;Espelta Negra Integral ECO, estem davant d&#8217;una esp\u00e8cie de blat primitiva i ancestral pr\u00e0cticament extinta. De fet, s&#8217;han trobat restes d&#8217;aquest tipus de llavor en l&#8217;est\u00f3mac d&#8217;\u00d6tzi, l&#8217;home de gel que va viure fa m\u00e9s de 5.000 anys als Alps.<\/p>\n<h3 data-path-to-node=\"4\">Una doble degradaci\u00f3 per a una digesti\u00f3 \u00f2ptima<\/h3>\n<p data-path-to-node=\"5\">D&#8217;una banda, el proc\u00e9s comen\u00e7a amb una fermentaci\u00f3 inicial molt prolongada de la masa mare d&#8217;espelta negra. En conseq\u00fc\u00e8ncia, s&#8217;aconsegueix una degradaci\u00f3 molt alta de la cadena proteica, la qual cosa el fa un pa ideal per a persones amb intoler\u00e0ncia al gluten (no cel\u00edacs). D&#8217;altra banda, un cop finalitzada la fase de l&#8217;amassat \u2014on incorporem farina de sarrac\u00e8 eco, sal marina, aigua de mar i oli d&#8217;oliva\u2014, no donem el proc\u00e9s per acabat.<\/p>\n<p data-path-to-node=\"6\">Aix\u00ed mateix, durant la fase de llevat, realitzem una segona i molt llarga fermentaci\u00f3 natural posterior. Gr\u00e0cies a aquest m\u00e8tode artesanal, obtenim una excel\u00b7lent segona degradaci\u00f3 de la cadena proteica. Per tant, el resultat \u00e9s un producte d&#8217;acabat r\u00fastic de 500 grams que destaca per la seva lleugeresa i un perfil nutricional d&#8217;alt valor.<\/p>\n<h3 data-path-to-node=\"7\">Puresa sense concessions<\/h3>\n<p data-path-to-node=\"8\">Finalment, cal destacar que aquest pa \u00e9s totalment apte per a vegans, ja que s&#8217;elabora sense ou i sense lactosa. A m\u00e9s a m\u00e9s, ens sentim orgullosos de garantir un producte lliure d&#8217;additius i conservants artificials. En definitiva, si busques un aliment honest que respecti la tradici\u00f3 paleol\u00edtica, el nostre pa artes\u00e0 natural amb masa mare \u00e9s l&#8217;elecci\u00f3 m\u00e9s exquissida per al teu dia a dia.<\/p>","protected":false},"excerpt":{"rendered":"<p>Descobreix el pa artes\u00e0 natural amb masa mare d&#8217;espelta negra i sarrac\u00e8. Doble fermentaci\u00f3 llarga per a una digesti\u00f3 perfecta i dieta ancestral.<\/p>","protected":false},"featured_media":2640,"comment_status":"open","ping_status":"closed","template":"","meta":{"site-sidebar-layout":"default","site-content-layout":"","ast-site-content-layout":"default","site-content-style":"default","site-sidebar-style":"default","ast-global-header-display":"","ast-banner-title-visibility":"","ast-main-header-display":"","ast-hfb-above-header-display":"","ast-hfb-below-header-display":"","ast-hfb-mobile-header-display":"","site-post-title":"","ast-breadcrumbs-content":"","ast-featured-img":"","footer-sml-layout":"","ast-disable-related-posts":"","theme-transparent-header-meta":"default","adv-header-id-meta":"","stick-header-meta":"","header-above-stick-meta":"","header-main-stick-meta":"","header-below-stick-meta":"","astra-migrate-meta-layouts":"set","ast-page-background-enabled":"default","ast-page-background-meta":{"desktop":{"background-color":"var(--ast-global-color-4)","background-image":"","background-repeat":"repeat","background-position":"center center","background-size":"auto","background-attachment":"scroll","background-type":"","background-media":"","overlay-type":"","overlay-color":"","overlay-opacity":"","overlay-gradient":""},"tablet":{"background-color":"","background-image":"","background-repeat":"repeat","background-position":"center center","background-size":"auto","background-attachment":"scroll","background-type":"","background-media":"","overlay-type":"","overlay-color":"","overlay-opacity":"","overlay-gradient":""},"mobile":{"background-color":"","background-image":"","background-repeat":"repeat","background-position":"center center","background-size":"auto","background-attachment":"scroll","background-type":"","background-media":"","overlay-type":"","overlay-color":"","overlay-opacity":"","overlay-gradient":""}},"ast-content-background-meta":{"desktop":{"background-color":"var(--ast-global-color-5)","background-image":"","background-repeat":"repeat","background-position":"center center","background-size":"auto","background-attachment":"scroll","background-type":"","background-media":"","overlay-type":"","overlay-color":"","overlay-opacity":"","overlay-gradient":""},"tablet":{"background-color":"var(--ast-global-color-5)","background-image":"","background-repeat":"repeat","background-position":"center center","background-size":"auto","background-attachment":"scroll","background-type":"","background-media":"","overlay-type":"","overlay-color":"","overlay-opacity":"","overlay-gradient":""},"mobile":{"background-color":"var(--ast-global-color-5)","background-image":"","background-repeat":"repeat","background-position":"center center","background-size":"auto","background-attachment":"scroll","background-type":"","background-media":"","overlay-type":"","overlay-color":"","overlay-opacity":"","overlay-gradient":""}}},"product_brand":[],"product_cat":[159,147],"product_tag":[],"class_list":{"0":"post-2639","1":"product","2":"type-product","3":"status-publish","4":"has-post-thumbnail","6":"product_cat-esmorcars","7":"product_cat-pa","8":"desktop-align-left","9":"tablet-align-left","10":"mobile-align-left","12":"first","13":"instock","14":"taxable","15":"shipping-taxable","16":"product-type-simple"},"yoast_head":"<!-- This site is optimized with the Yoast SEO plugin v27.5 - https:\/\/yoast.com\/product\/yoast-seo-wordpress\/ -->\n<title>Pa de Fajol - Herbolari Merc\u00e8 Pa artes\u00e0 natural amb masa mare<\/title>\n<meta name=\"description\" content=\"Descobreix el nostre pa artes\u00e0 natural amb masa mare d&#039;espelta negra i sarrac\u00e8. Doble fermentaci\u00f3 llarga per a una digesti\u00f3 perfecta i dieta ancestral.\" \/>\n<meta name=\"robots\" content=\"index, follow, max-snippet:-1, max-image-preview:large, max-video-preview:-1\" \/>\n<link rel=\"canonical\" href=\"https:\/\/herboristeriamerce.com\/es\/herboristeria-online\/alimentacio-saludable\/pa\/pa-de-fajol-pa-artesa-natural-amb-masa-mare\/\" \/>\n<meta property=\"og:locale\" content=\"es_ES\" \/>\n<meta property=\"og:type\" content=\"article\" \/>\n<meta property=\"og:title\" content=\"Pa de Fajol - Herbolari Merc\u00e8 Pa artes\u00e0 natural amb masa mare\" \/>\n<meta property=\"og:description\" content=\"Descobreix el nostre pa artes\u00e0 natural amb masa mare d&#039;espelta negra i sarrac\u00e8. Doble fermentaci\u00f3 llarga per a una digesti\u00f3 perfecta i dieta ancestral.\" \/>\n<meta property=\"og:url\" content=\"https:\/\/herboristeriamerce.com\/es\/herboristeria-online\/alimentacio-saludable\/pa\/pa-de-fajol-pa-artesa-natural-amb-masa-mare\/\" \/>\n<meta property=\"og:site_name\" content=\"Herbolari Merc\u00e8\" \/>\n<meta property=\"og:image\" content=\"https:\/\/herboristeriamerce.com\/wp-content\/uploads\/2026\/03\/serreceno-min.png\" \/>\n\t<meta property=\"og:image:width\" content=\"414\" \/>\n\t<meta property=\"og:image:height\" content=\"387\" \/>\n\t<meta property=\"og:image:type\" content=\"image\/png\" \/>\n<meta name=\"twitter:card\" content=\"summary_large_image\" \/>\n<meta name=\"twitter:label1\" content=\"Tiempo de lectura\" \/>\n\t<meta name=\"twitter:data1\" content=\"2 minutos\" \/>\n<script type=\"application\/ld+json\" class=\"yoast-schema-graph\">{\"@context\":\"https:\\\/\\\/schema.org\",\"@graph\":[{\"@type\":\"WebPage\",\"@id\":\"https:\\\/\\\/herboristeriamerce.com\\\/herboristeria-online\\\/alimentacio-saludable\\\/pa\\\/pa-de-fajol-pa-artesa-natural-amb-masa-mare\\\/\",\"url\":\"https:\\\/\\\/herboristeriamerce.com\\\/herboristeria-online\\\/alimentacio-saludable\\\/pa\\\/pa-de-fajol-pa-artesa-natural-amb-masa-mare\\\/\",\"name\":\"Pa de Fajol - Herbolari Merc\u00e8 Pa artes\u00e0 natural amb masa mare\",\"isPartOf\":{\"@id\":\"https:\\\/\\\/herboristeriamerce.com\\\/#website\"},\"primaryImageOfPage\":{\"@id\":\"https:\\\/\\\/herboristeriamerce.com\\\/herboristeria-online\\\/alimentacio-saludable\\\/pa\\\/pa-de-fajol-pa-artesa-natural-amb-masa-mare\\\/#primaryimage\"},\"image\":{\"@id\":\"https:\\\/\\\/herboristeriamerce.com\\\/herboristeria-online\\\/alimentacio-saludable\\\/pa\\\/pa-de-fajol-pa-artesa-natural-amb-masa-mare\\\/#primaryimage\"},\"thumbnailUrl\":\"https:\\\/\\\/herboristeriamerce.com\\\/wp-content\\\/uploads\\\/2026\\\/03\\\/serreceno-min.png\",\"datePublished\":\"2026-03-12T17:14:11+00:00\",\"description\":\"Descobreix el nostre pa artes\u00e0 natural amb masa mare d'espelta negra i sarrac\u00e8. Doble fermentaci\u00f3 llarga per a una digesti\u00f3 perfecta i dieta ancestral.\",\"breadcrumb\":{\"@id\":\"https:\\\/\\\/herboristeriamerce.com\\\/herboristeria-online\\\/alimentacio-saludable\\\/pa\\\/pa-de-fajol-pa-artesa-natural-amb-masa-mare\\\/#breadcrumb\"},\"inLanguage\":\"es\",\"potentialAction\":[{\"@type\":\"ReadAction\",\"target\":[\"https:\\\/\\\/herboristeriamerce.com\\\/herboristeria-online\\\/alimentacio-saludable\\\/pa\\\/pa-de-fajol-pa-artesa-natural-amb-masa-mare\\\/\"]}]},{\"@type\":\"ImageObject\",\"inLanguage\":\"es\",\"@id\":\"https:\\\/\\\/herboristeriamerce.com\\\/herboristeria-online\\\/alimentacio-saludable\\\/pa\\\/pa-de-fajol-pa-artesa-natural-amb-masa-mare\\\/#primaryimage\",\"url\":\"https:\\\/\\\/herboristeriamerce.com\\\/wp-content\\\/uploads\\\/2026\\\/03\\\/serreceno-min.png\",\"contentUrl\":\"https:\\\/\\\/herboristeriamerce.com\\\/wp-content\\\/uploads\\\/2026\\\/03\\\/serreceno-min.png\",\"width\":414,\"height\":387},{\"@type\":\"BreadcrumbList\",\"@id\":\"https:\\\/\\\/herboristeriamerce.com\\\/herboristeria-online\\\/alimentacio-saludable\\\/pa\\\/pa-de-fajol-pa-artesa-natural-amb-masa-mare\\\/#breadcrumb\",\"itemListElement\":[{\"@type\":\"ListItem\",\"position\":1,\"name\":\"Inici\",\"item\":\"https:\\\/\\\/herboristeriamerce.com\\\/\"},{\"@type\":\"ListItem\",\"position\":2,\"name\":\"Herboristeria online\",\"item\":\"https:\\\/\\\/herboristeriamerce.com\\\/herboristeria-online\\\/\"},{\"@type\":\"ListItem\",\"position\":3,\"name\":\"Pa de Fajol\"}]},{\"@type\":\"WebSite\",\"@id\":\"https:\\\/\\\/herboristeriamerce.com\\\/#website\",\"url\":\"https:\\\/\\\/herboristeriamerce.com\\\/\",\"name\":\"Herbolari Merc\u00e8\",\"description\":\"Herbolari a Terrassa\",\"publisher\":{\"@id\":\"https:\\\/\\\/herboristeriamerce.com\\\/#organization\"},\"potentialAction\":[{\"@type\":\"SearchAction\",\"target\":{\"@type\":\"EntryPoint\",\"urlTemplate\":\"https:\\\/\\\/herboristeriamerce.com\\\/?s={search_term_string}\"},\"query-input\":{\"@type\":\"PropertyValueSpecification\",\"valueRequired\":true,\"valueName\":\"search_term_string\"}}],\"inLanguage\":\"es\"},{\"@type\":\"Organization\",\"@id\":\"https:\\\/\\\/herboristeriamerce.com\\\/#organization\",\"name\":\"Herbolari Merc\u00e8\",\"url\":\"https:\\\/\\\/herboristeriamerce.com\\\/\",\"logo\":{\"@type\":\"ImageObject\",\"inLanguage\":\"es\",\"@id\":\"https:\\\/\\\/herboristeriamerce.com\\\/#\\\/schema\\\/logo\\\/image\\\/\",\"url\":\"https:\\\/\\\/herboristeriamerce.com\\\/wp-content\\\/uploads\\\/2025\\\/04\\\/cropped-logo-herboristeria-330x168-229w.webp\",\"contentUrl\":\"https:\\\/\\\/herboristeriamerce.com\\\/wp-content\\\/uploads\\\/2025\\\/04\\\/cropped-logo-herboristeria-330x168-229w.webp\",\"width\":230,\"height\":117,\"caption\":\"Herbolari Merc\u00e8\"},\"image\":{\"@id\":\"https:\\\/\\\/herboristeriamerce.com\\\/#\\\/schema\\\/logo\\\/image\\\/\"}}]}<\/script>\n<!-- \/ Yoast SEO plugin. -->","yoast_head_json":{"title":"Pa de Fajol - Herbolari Merc\u00e8 Pa artes\u00e0 natural amb masa mare","description":"Descobreix el nostre pa artes\u00e0 natural amb masa mare d'espelta negra i sarrac\u00e8. Doble fermentaci\u00f3 llarga per a una digesti\u00f3 perfecta i dieta ancestral.","robots":{"index":"index","follow":"follow","max-snippet":"max-snippet:-1","max-image-preview":"max-image-preview:large","max-video-preview":"max-video-preview:-1"},"canonical":"https:\/\/herboristeriamerce.com\/es\/herboristeria-online\/alimentacio-saludable\/pa\/pa-de-fajol-pa-artesa-natural-amb-masa-mare\/","og_locale":"es_ES","og_type":"article","og_title":"Pa de Fajol - Herbolari Merc\u00e8 Pa artes\u00e0 natural amb masa mare","og_description":"Descobreix el nostre pa artes\u00e0 natural amb masa mare d'espelta negra i sarrac\u00e8. Doble fermentaci\u00f3 llarga per a una digesti\u00f3 perfecta i dieta ancestral.","og_url":"https:\/\/herboristeriamerce.com\/es\/herboristeria-online\/alimentacio-saludable\/pa\/pa-de-fajol-pa-artesa-natural-amb-masa-mare\/","og_site_name":"Herbolari Merc\u00e8","og_image":[{"width":414,"height":387,"url":"https:\/\/herboristeriamerce.com\/wp-content\/uploads\/2026\/03\/serreceno-min.png","type":"image\/png"}],"twitter_card":"summary_large_image","twitter_misc":{"Tiempo de lectura":"2 minutos"},"schema":{"@context":"https:\/\/schema.org","@graph":[{"@type":"WebPage","@id":"https:\/\/herboristeriamerce.com\/herboristeria-online\/alimentacio-saludable\/pa\/pa-de-fajol-pa-artesa-natural-amb-masa-mare\/","url":"https:\/\/herboristeriamerce.com\/herboristeria-online\/alimentacio-saludable\/pa\/pa-de-fajol-pa-artesa-natural-amb-masa-mare\/","name":"Pa de Fajol - Herbolari Merc\u00e8 Pa artes\u00e0 natural amb masa mare","isPartOf":{"@id":"https:\/\/herboristeriamerce.com\/#website"},"primaryImageOfPage":{"@id":"https:\/\/herboristeriamerce.com\/herboristeria-online\/alimentacio-saludable\/pa\/pa-de-fajol-pa-artesa-natural-amb-masa-mare\/#primaryimage"},"image":{"@id":"https:\/\/herboristeriamerce.com\/herboristeria-online\/alimentacio-saludable\/pa\/pa-de-fajol-pa-artesa-natural-amb-masa-mare\/#primaryimage"},"thumbnailUrl":"https:\/\/herboristeriamerce.com\/wp-content\/uploads\/2026\/03\/serreceno-min.png","datePublished":"2026-03-12T17:14:11+00:00","description":"Descobreix el nostre pa artes\u00e0 natural amb masa mare d'espelta negra i sarrac\u00e8. Doble fermentaci\u00f3 llarga per a una digesti\u00f3 perfecta i dieta ancestral.","breadcrumb":{"@id":"https:\/\/herboristeriamerce.com\/herboristeria-online\/alimentacio-saludable\/pa\/pa-de-fajol-pa-artesa-natural-amb-masa-mare\/#breadcrumb"},"inLanguage":"es","potentialAction":[{"@type":"ReadAction","target":["https:\/\/herboristeriamerce.com\/herboristeria-online\/alimentacio-saludable\/pa\/pa-de-fajol-pa-artesa-natural-amb-masa-mare\/"]}]},{"@type":"ImageObject","inLanguage":"es","@id":"https:\/\/herboristeriamerce.com\/herboristeria-online\/alimentacio-saludable\/pa\/pa-de-fajol-pa-artesa-natural-amb-masa-mare\/#primaryimage","url":"https:\/\/herboristeriamerce.com\/wp-content\/uploads\/2026\/03\/serreceno-min.png","contentUrl":"https:\/\/herboristeriamerce.com\/wp-content\/uploads\/2026\/03\/serreceno-min.png","width":414,"height":387},{"@type":"BreadcrumbList","@id":"https:\/\/herboristeriamerce.com\/herboristeria-online\/alimentacio-saludable\/pa\/pa-de-fajol-pa-artesa-natural-amb-masa-mare\/#breadcrumb","itemListElement":[{"@type":"ListItem","position":1,"name":"Inici","item":"https:\/\/herboristeriamerce.com\/"},{"@type":"ListItem","position":2,"name":"Herboristeria online","item":"https:\/\/herboristeriamerce.com\/herboristeria-online\/"},{"@type":"ListItem","position":3,"name":"Pa de Fajol"}]},{"@type":"WebSite","@id":"https:\/\/herboristeriamerce.com\/#website","url":"https:\/\/herboristeriamerce.com\/","name":"Herbolari Merc\u00e8","description":"Herbolari a Terrassa","publisher":{"@id":"https:\/\/herboristeriamerce.com\/#organization"},"potentialAction":[{"@type":"SearchAction","target":{"@type":"EntryPoint","urlTemplate":"https:\/\/herboristeriamerce.com\/?s={search_term_string}"},"query-input":{"@type":"PropertyValueSpecification","valueRequired":true,"valueName":"search_term_string"}}],"inLanguage":"es"},{"@type":"Organization","@id":"https:\/\/herboristeriamerce.com\/#organization","name":"Herbolari Merc\u00e8","url":"https:\/\/herboristeriamerce.com\/","logo":{"@type":"ImageObject","inLanguage":"es","@id":"https:\/\/herboristeriamerce.com\/#\/schema\/logo\/image\/","url":"https:\/\/herboristeriamerce.com\/wp-content\/uploads\/2025\/04\/cropped-logo-herboristeria-330x168-229w.webp","contentUrl":"https:\/\/herboristeriamerce.com\/wp-content\/uploads\/2025\/04\/cropped-logo-herboristeria-330x168-229w.webp","width":230,"height":117,"caption":"Herbolari Merc\u00e8"},"image":{"@id":"https:\/\/herboristeriamerce.com\/#\/schema\/logo\/image\/"}}]}},"_links":{"self":[{"href":"https:\/\/herboristeriamerce.com\/es\/wp-json\/wp\/v2\/product\/2639","targetHints":{"allow":["GET"]}}],"collection":[{"href":"https:\/\/herboristeriamerce.com\/es\/wp-json\/wp\/v2\/product"}],"about":[{"href":"https:\/\/herboristeriamerce.com\/es\/wp-json\/wp\/v2\/types\/product"}],"replies":[{"embeddable":true,"href":"https:\/\/herboristeriamerce.com\/es\/wp-json\/wp\/v2\/comments?post=2639"}],"wp:featuredmedia":[{"embeddable":true,"href":"https:\/\/herboristeriamerce.com\/es\/wp-json\/wp\/v2\/media\/2640"}],"wp:attachment":[{"href":"https:\/\/herboristeriamerce.com\/es\/wp-json\/wp\/v2\/media?parent=2639"}],"wp:term":[{"taxonomy":"product_brand","embeddable":true,"href":"https:\/\/herboristeriamerce.com\/es\/wp-json\/wp\/v2\/product_brand?post=2639"},{"taxonomy":"product_cat","embeddable":true,"href":"https:\/\/herboristeriamerce.com\/es\/wp-json\/wp\/v2\/product_cat?post=2639"},{"taxonomy":"product_tag","embeddable":true,"href":"https:\/\/herboristeriamerce.com\/es\/wp-json\/wp\/v2\/product_tag?post=2639"}],"curies":[{"name":"wp","href":"https:\/\/api.w.org\/{rel}","templated":true}]}}